{"id":50,"date":"2024-05-27T11:17:58","date_gmt":"2024-05-27T09:17:58","guid":{"rendered":"http:\/\/alliancechinoise.fr\/index.php\/password-reset\/"},"modified":"2025-01-13T17:14:20","modified_gmt":"2025-01-13T16:14:20","slug":"formation_professionnelle","status":"publish","type":"page","link":"http:\/\/alliancechinoise.fr\/index.php\/formation_professionnelle\/","title":{"rendered":"Formation professionnelle"},"content":{"rendered":"\n<figure class=\"wp-block-image size-large\"><img loading=\"lazy\" decoding=\"async\" width=\"1024\" height=\"576\" src=\"http:\/\/alliancechinoise.fr\/wp-content\/uploads\/2025\/01\/formation-professionelle-1024x576.png\" alt=\"\" class=\"wp-image-304\" srcset=\"http:\/\/alliancechinoise.fr\/wp-content\/uploads\/2025\/01\/formation-professionelle-1024x576.png 1024w, http:\/\/alliancechinoise.fr\/wp-content\/uploads\/2025\/01\/formation-professionelle-300x169.png 300w, http:\/\/alliancechinoise.fr\/wp-content\/uploads\/2025\/01\/formation-professionelle-768x432.png 768w, http:\/\/alliancechinoise.fr\/wp-content\/uploads\/2025\/01\/formation-professionelle-1536x864.png 1536w, http:\/\/alliancechinoise.fr\/wp-content\/uploads\/2025\/01\/formation-professionelle-2048x1152.png 2048w\" sizes=\"auto, (max-width: 1024px) 100vw, 1024px\" \/><\/figure>\n\n\n\n<h2 class=\"wp-block-heading\">Formation de chinois pour les professionnels<\/h2>\n\n\n\n<p><strong>Objectif : D\u00e9velopper des comp\u00e9tences linguistiques et culturelles adapt\u00e9es aux besoins professionnels sp\u00e9cifiques<\/strong><\/p>\n\n\n\n<hr class=\"wp-block-separator has-alpha-channel-opacity\"\/>\n\n\n\n<h4 class=\"wp-block-heading\">Objectifs g\u00e9n\u00e9raux<\/h4>\n\n\n\n<p>\u00c0 l\u2019issue de la formation, les apprenants seront capables de :<\/p>\n\n\n\n<ul class=\"wp-block-list\">\n<li>Communiquer efficacement dans un contexte professionnel en chinois, oralement et par \u00e9crit.<\/li>\n\n\n\n<li>Ma\u00eetriser le vocabulaire et les expressions sp\u00e9cifiques \u00e0 leur secteur d\u2019activit\u00e9.<\/li>\n\n\n\n<li>Comprendre les normes culturelles et les pratiques professionnelles en Chine pour mieux interagir avec des partenaires, coll\u00e8gues ou clients chinois.<\/li>\n\n\n\n<li>R\u00e9aliser des pr\u00e9sentations, n\u00e9gociations et autres t\u00e2ches sp\u00e9cifiques au travail en chinois.<\/li>\n<\/ul>\n\n\n\n<hr class=\"wp-block-separator has-alpha-channel-opacity\"\/>\n\n\n\n<h4 class=\"wp-block-heading\">Contenu de la formation<\/h4>\n\n\n\n<ol class=\"wp-block-list\">\n<li><strong>Communication professionnelle<\/strong>\n<ul class=\"wp-block-list\">\n<li><strong>Expression orale<\/strong> :\n<ul class=\"wp-block-list\">\n<li>Salutations et pr\u00e9sentations formelles.<\/li>\n\n\n\n<li>Prise de parole en r\u00e9unions, pr\u00e9sentations commerciales et discussions t\u00e9l\u00e9phoniques.<\/li>\n\n\n\n<li>Strat\u00e9gies de n\u00e9gociation et persuasion en chinois.<\/li>\n<\/ul>\n<\/li>\n\n\n\n<li><strong>Expression \u00e9crite<\/strong> :\n<ul class=\"wp-block-list\">\n<li>R\u00e9daction d\u2019emails, de rapports et de documents officiels.<\/li>\n\n\n\n<li>Formulation de devis, contrats et propositions professionnelles.<\/li>\n<\/ul>\n<\/li>\n\n\n\n<li><strong>Compr\u00e9hension orale et \u00e9crite<\/strong> :\n<ul class=\"wp-block-list\">\n<li>Analyse de documents sp\u00e9cifiques : \u00e9tudes de march\u00e9, articles sectoriels, contrats.<\/li>\n\n\n\n<li>Pratique de l\u2019\u00e9coute active pour comprendre des pr\u00e9sentations et n\u00e9gociations.<\/li>\n<\/ul>\n<\/li>\n<\/ul>\n<\/li>\n\n\n\n<li><strong>Vocabulaire et grammaire sp\u00e9cifiques<\/strong>\n<ul class=\"wp-block-list\">\n<li>Acquisition de termes techniques et expressions cl\u00e9s li\u00e9s au domaine d\u2019activit\u00e9 (commerce, finance, tourisme, technologies, etc.).<\/li>\n\n\n\n<li>\u00c9tude des structures grammaticales complexes pour exprimer des id\u00e9es nuanc\u00e9es dans un cadre formel.<\/li>\n<\/ul>\n<\/li>\n\n\n\n<li><strong>Culture d\u2019entreprise chinoise<\/strong>\n<ul class=\"wp-block-list\">\n<li>Compr\u00e9hension des codes culturels dans le cadre professionnel : \u00e9tiquette, hi\u00e9rarchie, et respect des traditions.<\/li>\n\n\n\n<li>Analyse des diff\u00e9rences interculturelles : styles de communication, r\u00e9solution des conflits et gestion des relations.<\/li>\n\n\n\n<li>Apprentissage des pratiques sp\u00e9cifiques, comme le &#8220;guanxi&#8221; (r\u00e9seautage) et les rituels li\u00e9s aux affaires (repas d&#8217;affaires, \u00e9changes de cadeaux).<\/li>\n<\/ul>\n<\/li>\n\n\n\n<li><strong>Sc\u00e9narios professionnels sp\u00e9cifiques<\/strong>\n<ul class=\"wp-block-list\">\n<li>\u00c9tudes de cas adapt\u00e9es au secteur :\n<ul class=\"wp-block-list\">\n<li>Simulation de n\u00e9gociations ou de pr\u00e9sentations commerciales.<\/li>\n\n\n\n<li>Organisation d\u2019\u00e9v\u00e9nements professionnels ou d\u2019ateliers.<\/li>\n<\/ul>\n<\/li>\n\n\n\n<li>Jeux de r\u00f4le pour renforcer les comp\u00e9tences de communication dans des situations courantes : accueil de visiteurs \u00e9trangers, participation \u00e0 des salons professionnels, etc.<\/li>\n<\/ul>\n<\/li>\n\n\n\n<li><strong>Pr\u00e9paration et accompagnement<\/strong>\n<ul class=\"wp-block-list\">\n<li>\u00c9laboration d\u2019un projet personnalis\u00e9 pour chaque apprenant ou groupe en fonction de leurs besoins sp\u00e9cifiques.<\/li>\n\n\n\n<li>R\u00e9vision et consolidation des comp\u00e9tences cl\u00e9s pour garantir une autonomie linguistique et culturelle dans le cadre professionnel.<\/li>\n<\/ul>\n<\/li>\n<\/ol>\n\n\n\n<hr class=\"wp-block-separator has-alpha-channel-opacity\"\/>\n\n\n\n<h4 class=\"wp-block-heading\">M\u00e9thodologie<\/h4>\n\n\n\n<ul class=\"wp-block-list\">\n<li><strong>Approche interactive<\/strong> :\n<ul class=\"wp-block-list\">\n<li>Formation ax\u00e9e sur des exercices pratiques et des mises en situation professionnelles.<\/li>\n\n\n\n<li>Utilisation de supports authentiques : articles sp\u00e9cialis\u00e9s, vid\u00e9os de pr\u00e9sentations d\u2019entreprise, et manuels techniques.<\/li>\n<\/ul>\n<\/li>\n\n\n\n<li><strong>Accompagnement personnalis\u00e9<\/strong> :\n<ul class=\"wp-block-list\">\n<li>Suivi individuel pour r\u00e9pondre aux besoins sp\u00e9cifiques des apprenants.<\/li>\n\n\n\n<li>Feedback r\u00e9gulier pour optimiser la progression.<\/li>\n<\/ul>\n<\/li>\n\n\n\n<li><strong>Int\u00e9gration culturelle<\/strong> :\n<ul class=\"wp-block-list\">\n<li>Immersion dans les pratiques professionnelles chinoises gr\u00e2ce \u00e0 des \u00e9changes avec des experts natifs.<\/li>\n<\/ul>\n<\/li>\n<\/ul>\n\n\n\n<hr class=\"wp-block-separator has-alpha-channel-opacity\"\/>\n\n\n\n<h4 class=\"wp-block-heading\">Dur\u00e9e de la formation<\/h4>\n\n\n\n<ul class=\"wp-block-list\">\n<li><strong>Volume horaire recommand\u00e9<\/strong> : 50 \u00e0 150 heures selon les objectifs et le niveau initial.<\/li>\n\n\n\n<li><strong>Organisation<\/strong> :\n<ul class=\"wp-block-list\">\n<li>Sessions hebdomadaires ou modules intensifs adapt\u00e9s au rythme de l\u2019entreprise ou du professionnel.<\/li>\n\n\n\n<li>Formations en pr\u00e9sentiel, \u00e0 distance ou en format hybride selon les pr\u00e9f\u00e9rences.<\/li>\n<\/ul>\n<\/li>\n<\/ul>\n\n\n\n<hr class=\"wp-block-separator has-alpha-channel-opacity\"\/>\n\n\n\n<h4 class=\"wp-block-heading\">Modalit\u00e9s d\u2019inscription<\/h4>\n\n\n\n<ul class=\"wp-block-list\">\n<li>Formation ouverte aux professionnels de tous secteurs.<\/li>\n\n\n\n<li>Test de niveau et entretien pr\u00e9alable pour \u00e9valuer les besoins sp\u00e9cifiques.<\/li>\n\n\n\n<li>Inscriptions disponibles en ligne ou via nos conseillers p\u00e9dagogiques.<\/li>\n<\/ul>\n\n\n\n<hr class=\"wp-block-separator has-alpha-channel-opacity\"\/>\n\n\n\n<h3 class=\"wp-block-heading has-text-align-center\"><strong>Important :<\/strong><\/h3>\n\n\n\n<p class=\"has-text-align-center\">Le contenu d\u00e9taill\u00e9 et l\u2019organisation de la formation seront adapt\u00e9s aux besoins sp\u00e9cifiques du professionnel ou de l\u2019entreprise concern\u00e9e, en fonction des objectifs, du secteur d\u2019activit\u00e9 et du contexte professionnel.<\/p>\n\n\n\n<div class=\"wp-block-buttons is-content-justification-center is-layout-flex wp-container-core-buttons-is-layout-a89b3969 wp-block-buttons-is-layout-flex\">\n<div class=\"wp-block-button\"><a class=\"wp-block-button__link wp-element-button\" href=\"https:\/\/sites.google.com\/view\/httpalliancechinoisefr\/%E9%A6%96%E9%A1%B5\">Contactez nous pour le devis personnalis\u00e9 <\/a><\/div>\n<\/div>\n\n\n\n<p><\/p>\n","protected":false},"excerpt":{"rendered":"<p>Formation de chinois pour les professionnels Objectif : D\u00e9velopper des comp\u00e9tences linguistiques et culturelles adapt\u00e9es aux besoins professionnels sp\u00e9cifiques Objectifs g\u00e9n\u00e9raux \u00c0 l\u2019issue de la formation, les apprenants seront capables de : Contenu de la formation M\u00e9thodologie Dur\u00e9e de la formation Modalit\u00e9s d\u2019inscription Important : Le contenu d\u00e9taill\u00e9 et l\u2019organisation de la formation seront adapt\u00e9s [&hellip;]<\/p>\n","protected":false},"author":1,"featured_media":0,"parent":0,"menu_order":0,"comment_status":"closed","ping_status":"closed","template":"","meta":{"footnotes":""},"class_list":["post-50","page","type-page","status-publish","hentry"],"_links":{"self":[{"href":"http:\/\/alliancechinoise.fr\/index.php\/wp-json\/wp\/v2\/pages\/50","targetHints":{"allow":["GET"]}}],"collection":[{"href":"http:\/\/alliancechinoise.fr\/index.php\/wp-json\/wp\/v2\/pages"}],"about":[{"href":"http:\/\/alliancechinoise.fr\/index.php\/wp-json\/wp\/v2\/types\/page"}],"author":[{"embeddable":true,"href":"http:\/\/alliancechinoise.fr\/index.php\/wp-json\/wp\/v2\/users\/1"}],"replies":[{"embeddable":true,"href":"http:\/\/alliancechinoise.fr\/index.php\/wp-json\/wp\/v2\/comments?post=50"}],"version-history":[{"count":3,"href":"http:\/\/alliancechinoise.fr\/index.php\/wp-json\/wp\/v2\/pages\/50\/revisions"}],"predecessor-version":[{"id":309,"href":"http:\/\/alliancechinoise.fr\/index.php\/wp-json\/wp\/v2\/pages\/50\/revisions\/309"}],"wp:attachment":[{"href":"http:\/\/alliancechinoise.fr\/index.php\/wp-json\/wp\/v2\/media?parent=50"}],"curies":[{"name":"wp","href":"https:\/\/api.w.org\/{rel}","templated":true}]}}